{"id":1111,"date":"2020-10-22T10:34:47","date_gmt":"2020-10-22T08:34:47","guid":{"rendered":"https:\/\/neu.auslandsdienst.at\/?page_id=1111"},"modified":"2025-09-25T15:08:13","modified_gmt":"2025-09-25T13:08:13","slug":"ahma","status":"publish","type":"page","link":"https:\/\/www.auslandsdienst.at\/en\/ahma\/","title":{"rendered":"Austrian Holocaust Memorial Award"},"content":{"rendered":"<p><div class=\"fusion-fullwidth fullwidth-box fusion-builder-row-1 fusion-flex-container nonhundred-percent-fullwidth non-hundred-percent-height-scrolling\" style=\"background-color: rgba(255,255,255,0);background-position: center center;background-repeat: no-repeat;border-width: 0px 0px 0px 0px;border-color:#e2e2e2;border-style:solid;\" ><div class=\"fusion-builder-row fusion-row fusion-flex-align-items-flex-start\" style=\"max-width:1456px;margin-left: calc(-4% \/ 2 );margin-right: calc(-4% \/ 2 );\"><div class=\"fusion-layout-column fusion_builder_column fusion-builder-column-0 fusion_builder_column_1_1 1_1 fusion-flex-column\"><div class=\"fusion-column-wrapper fusion-flex-justify-content-flex-start fusion-content-layout-column\" style=\"background-position:left top;background-repeat:no-repeat;-webkit-background-size:cover;-moz-background-size:cover;-o-background-size:cover;background-size:cover;padding: 0px 0px 0px 0px;\"><div class=\"fusion-text fusion-text-1\"><h1 style=\"text-align: center;\">Austrian Holocaust Memorial Award<\/h1>\n<\/div><\/div><style type=\"text\/css\">.fusion-body .fusion-builder-column-0{width:100% !important;margin-top : 0px;margin-bottom : 20px;}.fusion-builder-column-0 > .fusion-column-wrapper {padding-top : 0px !important;padding-right : 0px !important;margin-right : 1.92%;padding-bottom : 0px !important;padding-left : 0px !important;margin-left : 1.92%;}@media only screen and (max-width:1024px) {.fusion-body .fusion-builder-column-0{width:100% !important;}.fusion-builder-column-0 > .fusion-column-wrapper {margin-right : 1.92%;margin-left : 1.92%;}}@media only screen and (max-width:640px) {.fusion-body .fusion-builder-column-0{width:100% !important;}.fusion-builder-column-0 > .fusion-column-wrapper {margin-right : 1.92%;margin-left : 1.92%;}}<\/style><\/div><\/div><style type=\"text\/css\">.fusion-body .fusion-flex-container.fusion-builder-row-1{ padding-top : 0px;margin-top : 0px;padding-right : 0px;padding-bottom : 0px;margin-bottom : 0px;padding-left : 0px;}<\/style><\/div><div class=\"fusion-fullwidth fullwidth-box fusion-builder-row-2 fusion-flex-container nonhundred-percent-fullwidth non-hundred-percent-height-scrolling\" style=\"background-color: rgba(255,255,255,0);background-position: center center;background-repeat: no-repeat;border-width: 0px 0px 0px 0px;border-color:#e2e2e2;border-style:solid;\" ><div class=\"fusion-builder-row fusion-row fusion-flex-align-items-flex-start\" style=\"max-width:1456px;margin-left: calc(-4% \/ 2 );margin-right: calc(-4% \/ 2 );\"><div class=\"fusion-layout-column fusion_builder_column fusion-builder-column-1 fusion_builder_column_2_3 2_3 fusion-flex-column\"><div class=\"fusion-column-wrapper fusion-flex-justify-content-flex-start fusion-content-layout-column\" style=\"background-position:left top;background-repeat:no-repeat;-webkit-background-size:cover;-moz-background-size:cover;-o-background-size:cover;background-size:cover;padding: 0px 0px 0px 0px;\"><div class=\"fusion-text fusion-text-2\"><p id=\"justify\">The Austrian Holocaust Memorial Award was initiated by the Austrian Service Abroad in the year 2006.<\/p>\n<p id=\"justify\">The award is annually bestowed upon individuals or organizations that have shown special endeavour for the remembrance of the crimes of national socialism and thereby set a sign regarding the universality of this injustice.<\/p>\n<p id=\"justify\">The award ceremony is typically conducted in cooperation with the local Gedenkdiener and the Austrian embassy of the host country.<\/p>\n<\/div><\/div><style type=\"text\/css\">.fusion-body .fusion-builder-column-1{width:66.6666666667% !important;margin-top : 0px;margin-bottom : 20px;}.fusion-builder-column-1 > .fusion-column-wrapper {padding-top : 0px !important;padding-right : 0px !important;margin-right : 2.88%;padding-bottom : 0px !important;padding-left : 0px !important;margin-left : 2.88%;}@media only screen and (max-width:1024px) {.fusion-body .fusion-builder-column-1{width:66.6666666667% !important;}.fusion-builder-column-1 > .fusion-column-wrapper {margin-right : 2.88%;margin-left : 2.88%;}}@media only screen and (max-width:640px) {.fusion-body .fusion-builder-column-1{width:100% !important;}.fusion-builder-column-1 > .fusion-column-wrapper {margin-right : 1.92%;margin-left : 1.92%;}}<\/style><\/div><div class=\"fusion-layout-column fusion_builder_column fusion-builder-column-2 fusion_builder_column_1_3 1_3 fusion-flex-column\"><div class=\"fusion-column-wrapper fusion-flex-justify-content-flex-start fusion-content-layout-column\" style=\"background-position:left top;background-repeat:no-repeat;-webkit-background-size:cover;-moz-background-size:cover;-o-background-size:cover;background-size:cover;padding: 0px 0px 0px 0px;\"><div class=\"fusion-text fusion-text-3\"><p><img decoding=\"async\" class=\"size-full wp-image-1621 aligncenter\" src=\"https:\/\/neu.auslandsdienst.at\/wp-content\/uploads\/2020\/12\/AHMA2020-scaled.jpg\" alt=\"Urkunde &amp; Troph\u00e4e Austrian Holocaust Memorial Award 2020\" width=\"84%\" height=\"84%\" srcset=\"https:\/\/www.auslandsdienst.at\/wp-content\/uploads\/2020\/12\/AHMA2020-200x138.jpg 200w, https:\/\/www.auslandsdienst.at\/wp-content\/uploads\/2020\/12\/AHMA2020-400x276.jpg 400w, https:\/\/www.auslandsdienst.at\/wp-content\/uploads\/2020\/12\/AHMA2020-500x345.jpg 500w, https:\/\/www.auslandsdienst.at\/wp-content\/uploads\/2020\/12\/AHMA2020-600x414.jpg 600w, https:\/\/www.auslandsdienst.at\/wp-content\/uploads\/2020\/12\/AHMA2020-768x529.jpg 768w, https:\/\/www.auslandsdienst.at\/wp-content\/uploads\/2020\/12\/AHMA2020-800x551.jpg 800w, https:\/\/www.auslandsdienst.at\/wp-content\/uploads\/2020\/12\/AHMA2020-1200x827.jpg 1200w, https:\/\/www.auslandsdienst.at\/wp-content\/uploads\/2020\/12\/AHMA2020-1536x1059.jpg 1536w, https:\/\/www.auslandsdienst.at\/wp-content\/uploads\/2020\/12\/AHMA2020-scaled.jpg 2560w\" sizes=\"(max-width: 2560px) 100vw, 2560px\" \/><\/p>\n<\/div><div class=\"fusion-text fusion-text-4\"><h6 style=\"text-align: center;\">Certificate &amp; trophy of the Austrian Holocaust Memorial Award&#8217;s 2020 winner Du\u0161an Stefan\u010di\u010d, before the ceremonial handing over in Ljubljana, Slovenia. (October 2020)<\/h6>\n<\/div><\/div><style type=\"text\/css\">.fusion-body .fusion-builder-column-2{width:33.3333333333% !important;margin-top : 0px;margin-bottom : 20px;}.fusion-builder-column-2 > .fusion-column-wrapper {padding-top : 0px !important;padding-right : 0px !important;margin-right : 5.76%;padding-bottom : 0px !important;padding-left : 0px !important;margin-left : 5.76%;}@media only screen and (max-width:1024px) {.fusion-body .fusion-builder-column-2{width:33.3333333333% !important;}.fusion-builder-column-2 > .fusion-column-wrapper {margin-right : 5.76%;margin-left : 5.76%;}}@media only screen and (max-width:640px) {.fusion-body .fusion-builder-column-2{width:100% !important;}.fusion-builder-column-2 > .fusion-column-wrapper {margin-right : 1.92%;margin-left : 1.92%;}}<\/style><\/div><\/div><style type=\"text\/css\">.fusion-body .fusion-flex-container.fusion-builder-row-2{ padding-top : 0px;margin-top : 0px;padding-right : 0px;padding-bottom : 0px;margin-bottom : 35;padding-left : 0px;}<\/style><\/div><div class=\"fusion-fullwidth fullwidth-box fusion-builder-row-3 fusion-flex-container nonhundred-percent-fullwidth non-hundred-percent-height-scrolling\" style=\"background-color: rgba(255,255,255,0);background-position: center center;background-repeat: no-repeat;border-width: 0px 0px 0px 0px;border-color:#e2e2e2;border-style:solid;\" ><div class=\"fusion-builder-row fusion-row fusion-flex-align-items-flex-start\" style=\"max-width:1456px;margin-left: calc(-4% \/ 2 );margin-right: calc(-4% \/ 2 );\"><div class=\"fusion-layout-column fusion_builder_column fusion-builder-column-3 fusion_builder_column_1_1 1_1 fusion-flex-column\"><div class=\"fusion-column-wrapper fusion-flex-justify-content-flex-start fusion-content-layout-column\" style=\"background-position:left top;background-repeat:no-repeat;-webkit-background-size:cover;-moz-background-size:cover;-o-background-size:cover;background-size:cover;padding: 0px 0px 0px 0px;\"><div class=\"fusion-separator fusion-has-icon fusion-full-width-sep\" style=\"align-self: center;margin-left: auto;margin-right: auto;width:100%;\"><div class=\"fusion-separator-border sep-single sep-solid\" style=\"border-color:#364087;border-top-width:1px;\"><\/div><span class=\"icon-wrapper\" style=\"border-color:#364087;background-color:#ffffff;font-size:30px;width: 1.75em; height: 1.75em;border-width:1px;padding:1px;margin-top:-0.5px\"><i class=\"fa-award fas\" style=\"font-size: inherit;color:#e2e2e2;\" aria-hidden=\"true\"><\/i><\/span><div class=\"fusion-separator-border sep-single sep-solid\" style=\"border-color:#364087;border-top-width:1px;\"><\/div><\/div><\/div><style type=\"text\/css\">.fusion-body .fusion-builder-column-3{width:100% !important;margin-top : 0px;margin-bottom : 20px;}.fusion-builder-column-3 > .fusion-column-wrapper {padding-top : 0px !important;padding-right : 0px !important;margin-right : 1.92%;padding-bottom : 0px !important;padding-left : 0px !important;margin-left : 1.92%;}@media only screen and (max-width:1024px) {.fusion-body .fusion-builder-column-3{width:100% !important;}.fusion-builder-column-3 > .fusion-column-wrapper {margin-right : 1.92%;margin-left : 1.92%;}}@media only screen and (max-width:640px) {.fusion-body .fusion-builder-column-3{width:100% !important;}.fusion-builder-column-3 > .fusion-column-wrapper {margin-right : 1.92%;margin-left : 1.92%;}}<\/style><\/div><\/div><style type=\"text\/css\">.fusion-body .fusion-flex-container.fusion-builder-row-3{ padding-top : 0px;margin-top : 0px;padding-right : 0px;padding-bottom : 0px;margin-bottom : 0px;padding-left : 0px;}<\/style><\/div><div class=\"fusion-fullwidth fullwidth-box fusion-builder-row-4 fusion-flex-container nonhundred-percent-fullwidth non-hundred-percent-height-scrolling\" style=\"background-color: rgba(255,255,255,0);background-position: center center;background-repeat: no-repeat;border-width: 0px 0px 0px 0px;border-color:#e2e2e2;border-style:solid;\" ><div class=\"fusion-builder-row fusion-row fusion-flex-align-items-flex-start\" style=\"max-width:1456px;margin-left: calc(-4% \/ 2 );margin-right: calc(-4% \/ 2 );\"><div class=\"fusion-layout-column fusion_builder_column fusion-builder-column-4 fusion_builder_column_2_3 2_3 fusion-flex-column\"><div class=\"fusion-column-wrapper fusion-flex-justify-content-flex-start fusion-content-layout-column\" style=\"background-position:left top;background-repeat:no-repeat;-webkit-background-size:cover;-moz-background-size:cover;-o-background-size:cover;background-size:cover;padding: 0px 0px 0px 0px;\"><div class=\"fusion-text fusion-text-5\"><h3 style=\"text-align: center;\">Awards 2006 &#8211; 2023<\/h3>\n<p>&nbsp;<\/p>\n<table style=\"border-collapse: collapse; width: 100%;\">\n<tbody>\n<tr>\n<td style=\"color: #364087; font-weight: bold; text-align: left; vertical-align: top;\">2023<\/td>\n<td style=\"text-align: left; vertical-align: top;\"><a href=\"https:\/\/en.wikipedia.org\/wiki\/Naomi_Kramer\">Naomi Kramer<\/a> and<br \/>\n<a href=\"https:\/\/www.linkedin.com\/in\/carson-phillips-ph-d-4335431b\/\">Carson Phillips<\/a>, Montreal, Canada<\/td>\n<\/tr>\n<tr>\n<td style=\"color: #364087; font-weight: bold; text-align: left; vertical-align: top;\">2022<\/td>\n<td style=\"text-align: left; vertical-align: top;\"><a href=\"https:\/\/oiainternship.ntu.edu.tw\/mentor\/view\/67dc477b4698\">Jeffrey D. Schwartz<\/a>, NaTang and Glenn Leibowitz, Taipei, Taiwan<\/td>\n<\/tr>\n<tr>\n<td style=\"color: #364087; font-weight: bold; text-align: left; vertical-align: top;\">2021<\/td>\n<td style=\"text-align: left; vertical-align: top;\"><a href=\"https:\/\/www.jhbholocaust.co.za\/about\/our-team\/\">Tali Nates<\/a>, Johannesburg, South Africa<\/td>\n<\/tr>\n<tr>\n<td style=\"color: #364087; font-weight: bold; text-align: left; vertical-align: top;\">2020<\/td>\n<td style=\"text-align: left; vertical-align: top;\">Du\u0161an Stefan\u010di\u010d, Ljubljana, Slovenia<\/td>\n<\/tr>\n<tr>\n<td style=\"color: #364087; font-weight: bold; text-align: left; vertical-align: top;\">2019<\/td>\n<td style=\"text-align: left; vertical-align: top;\">Tomislav Dulic, Uppsala, Sweden<\/td>\n<\/tr>\n<tr>\n<td style=\"color: #364087; font-weight: bold; text-align: left; vertical-align: top;\">2018<\/td>\n<td style=\"text-align: left; vertical-align: top;\"><a href=\"https:\/\/en.wikipedia.org\/wiki\/Alla_Gerber\">Alla Gerber<\/a> and Ilja Altman, Moscow, Russia<\/td>\n<\/tr>\n<tr>\n<td style=\"color: #364087; font-weight: bold; text-align: left; vertical-align: top;\">2017<\/td>\n<td style=\"text-align: left; vertical-align: top;\">Ruben Fuks, Belgrade, Serbia<\/td>\n<\/tr>\n<tr>\n<td style=\"color: #364087; font-weight: bold; text-align: left; vertical-align: top;\">2016<\/td>\n<td style=\"text-align: left; vertical-align: top;\"><a href=\"https:\/\/en.wikipedia.org\/wiki\/Giorgio_Frassineti\">Giorgio Frassineti<\/a>, Predappio (Forl\u00ec), Italy<\/td>\n<\/tr>\n<tr>\n<td style=\"color: #364087; font-weight: bold; text-align: left; vertical-align: top;\">2015<\/td>\n<td style=\"text-align: left; vertical-align: top;\"><a href=\"https:\/\/en.wikipedia.org\/wiki\/Erika_Rosenberg\">Erika Rosenberg<\/a>, Buenos Aires, Argentina<\/td>\n<\/tr>\n<tr>\n<td style=\"color: #364087; font-weight: bold; text-align: left; vertical-align: top;\">2014<\/td>\n<td style=\"text-align: left; vertical-align: top;\"><a href=\"https:\/\/en.wikipedia.org\/wiki\/Mar%C4%A3ers_Vestermanis\">Margers Vestermanis<\/a>, Riga, Latvia<\/td>\n<\/tr>\n<tr>\n<td style=\"color: #364087; font-weight: bold; text-align: left; vertical-align: top;\">2013<\/td>\n<td style=\"text-align: left; vertical-align: top;\"><a href=\"https:\/\/en.wikipedia.org\/wiki\/Hugo_H%C3%B6llenreiner\">Hugo H\u00f6llenreiner<\/a>, Ingolstadt, Germany<\/td>\n<\/tr>\n<tr>\n<td style=\"color: #364087; font-weight: bold; text-align: left; vertical-align: top;\">2012<\/td>\n<td style=\"text-align: left; vertical-align: top;\"><a href=\"https:\/\/en.wikipedia.org\/wiki\/Ladislaus_L%C3%B6b\">Ladislaus L\u00f6b<\/a>, Brighton, England<\/td>\n<\/tr>\n<tr>\n<td style=\"color: #364087; font-weight: bold; text-align: left; vertical-align: top;\">2011<\/td>\n<td style=\"text-align: left; vertical-align: top;\"><a href=\"https:\/\/en.wikipedia.org\/wiki\/Auschwitz_Jewish_Center\">Auschwitz Jewish Center<\/a>, O\u015bwi\u0119cim, Poland<\/td>\n<\/tr>\n<tr>\n<td style=\"color: #364087; font-weight: bold; text-align: left; vertical-align: top;\">2010<\/td>\n<td style=\"text-align: left; vertical-align: top;\"><a href=\"https:\/\/en.wikipedia.org\/wiki\/Eva_Marks\">Eva Marks<\/a>, Melbourne, Australia<\/td>\n<\/tr>\n<tr>\n<td style=\"color: #364087; font-weight: bold; text-align: left; vertical-align: top;\">2009<\/td>\n<td style=\"text-align: left; vertical-align: top;\"><a href=\"https:\/\/en.wikipedia.org\/wiki\/Jay_M._Ipson\">Jay M. Ipson<\/a>, Virginia Holocaust Museum, Richmond, Virginia, USA<\/td>\n<\/tr>\n<tr>\n<td style=\"color: #364087; font-weight: bold; text-align: left; vertical-align: top;\">2008<\/td>\n<td style=\"text-align: left; vertical-align: top;\"><a href=\"https:\/\/en.wikipedia.org\/wiki\/Robert_H%C3%A9bras\">Robert H\u00e9bras<\/a>, Oradour-sur-Glane, France<\/td>\n<\/tr>\n<tr>\n<td style=\"color: #364087; font-weight: bold; text-align: left; vertical-align: top;\">2007<\/td>\n<td style=\"text-align: left; vertical-align: top;\"><a href=\"https:\/\/en.wikipedia.org\/wiki\/Alberto_Dines\">Alberto Dines<\/a>, Casa Stefan Zweig, Petr\u00f3polis, Brasil<\/td>\n<\/tr>\n<tr>\n<td style=\"color: #364087; font-weight: bold; text-align: left; vertical-align: top;\">2006<\/td>\n<td style=\"text-align: left; vertical-align: top;\"><a href=\"https:\/\/en.wikipedia.org\/wiki\/Pan_Guang\">Pan Guang<\/a>, Center for Jewish Studies Shanghai, China<\/td>\n<\/tr>\n<\/tbody>\n<\/table>\n<\/div><\/div><style type=\"text\/css\">.fusion-body .fusion-builder-column-4{width:66.6666666667% !important;margin-top : 0px;margin-bottom : 20px;}.fusion-builder-column-4 > .fusion-column-wrapper {padding-top : 0px !important;padding-right : 0px !important;margin-right : 2.88%;padding-bottom : 0px !important;padding-left : 0px !important;margin-left : 2.88%;}@media only screen and (max-width:1024px) {.fusion-body .fusion-builder-column-4{width:66.6666666667% !important;}.fusion-builder-column-4 > .fusion-column-wrapper {margin-right : 2.88%;margin-left : 2.88%;}}@media only screen and (max-width:640px) {.fusion-body .fusion-builder-column-4{width:100% !important;}.fusion-builder-column-4 > .fusion-column-wrapper {margin-right : 1.92%;margin-left : 1.92%;}}<\/style><\/div><div class=\"fusion-layout-column fusion_builder_column fusion-builder-column-5 fusion_builder_column_1_3 1_3 fusion-flex-column\"><div class=\"fusion-column-wrapper fusion-flex-justify-content-flex-start fusion-content-layout-column\" style=\"background-position:left top;background-repeat:no-repeat;-webkit-background-size:cover;-moz-background-size:cover;-o-background-size:cover;background-size:cover;padding: 0px 0px 0px 0px;\"><div class=\"fusion-text fusion-text-6\"><p><img decoding=\"async\" class=\"size-full wp-image-1775 aligncenter\" src=\"https:\/\/neu.auslandsdienst.at\/wp-content\/uploads\/2020\/12\/DusanStefancicAHMA.jpg\" alt=\"\" width=\"75%\" height=\"75%\" srcset=\"https:\/\/www.auslandsdienst.at\/wp-content\/uploads\/2020\/12\/DusanStefancicAHMA-200x267.jpg 200w, https:\/\/www.auslandsdienst.at\/wp-content\/uploads\/2020\/12\/DusanStefancicAHMA-375x500.jpg 375w, https:\/\/www.auslandsdienst.at\/wp-content\/uploads\/2020\/12\/DusanStefancicAHMA-400x533.jpg 400w, https:\/\/www.auslandsdienst.at\/wp-content\/uploads\/2020\/12\/DusanStefancicAHMA-600x800.jpg 600w, https:\/\/www.auslandsdienst.at\/wp-content\/uploads\/2020\/12\/DusanStefancicAHMA-768x1024.jpg 768w, https:\/\/www.auslandsdienst.at\/wp-content\/uploads\/2020\/12\/DusanStefancicAHMA-800x1067.jpg 800w, https:\/\/www.auslandsdienst.at\/wp-content\/uploads\/2020\/12\/DusanStefancicAHMA-1152x1536.jpg 1152w, https:\/\/www.auslandsdienst.at\/wp-content\/uploads\/2020\/12\/DusanStefancicAHMA.jpg 1200w\" sizes=\"(max-width: 1200px) 100vw, 1200px\" \/><\/p>\n<\/div><div class=\"fusion-text fusion-text-7\"><h6 style=\"text-align: center;\">Austrian Holocaust Memorial Award winner Du\u0161an Stefan\u010di\u010d. (2020)<\/h6>\n<\/div><div class=\"fusion-separator fusion-full-width-sep\" style=\"align-self: center;margin-left: auto;margin-right: auto;margin-bottom:50px;width:100%;\"><\/div><div class=\"fusion-text fusion-text-8\"><p><img decoding=\"async\" class=\"size-full wp-image-1942 aligncenter\" src=\"https:\/\/neu.auslandsdienst.at\/wp-content\/uploads\/2020\/12\/AHMA-2010-Eva-Marks-ambassador-Porias.png\" alt=\"\" width=\"80%\" height=\"80%\" srcset=\"https:\/\/www.auslandsdienst.at\/wp-content\/uploads\/2020\/12\/AHMA-2010-Eva-Marks-ambassador-Porias-200x137.png 200w, https:\/\/www.auslandsdienst.at\/wp-content\/uploads\/2020\/12\/AHMA-2010-Eva-Marks-ambassador-Porias-400x274.png 400w, https:\/\/www.auslandsdienst.at\/wp-content\/uploads\/2020\/12\/AHMA-2010-Eva-Marks-ambassador-Porias-500x342.png 500w, https:\/\/www.auslandsdienst.at\/wp-content\/uploads\/2020\/12\/AHMA-2010-Eva-Marks-ambassador-Porias-600x410.png 600w, https:\/\/www.auslandsdienst.at\/wp-content\/uploads\/2020\/12\/AHMA-2010-Eva-Marks-ambassador-Porias-768x525.png 768w, https:\/\/www.auslandsdienst.at\/wp-content\/uploads\/2020\/12\/AHMA-2010-Eva-Marks-ambassador-Porias-800x547.png 800w, https:\/\/www.auslandsdienst.at\/wp-content\/uploads\/2020\/12\/AHMA-2010-Eva-Marks-ambassador-Porias-1200x821.png 1200w, https:\/\/www.auslandsdienst.at\/wp-content\/uploads\/2020\/12\/AHMA-2010-Eva-Marks-ambassador-Porias.png 1269w\" sizes=\"(max-width: 1269px) 100vw, 1269px\" \/><\/p>\n<\/div><div class=\"fusion-text fusion-text-9\"><h6 style=\"text-align: center;\">Awardee Eva Marks receives the AHMA from Austrian ambassador Dr. Hannes Porias in Melbourne, Australia. (2010)<\/h6>\n<\/div><\/div><style type=\"text\/css\">.fusion-body .fusion-builder-column-5{width:33.3333333333% !important;margin-top : 50px;margin-bottom : 20px;}.fusion-builder-column-5 > .fusion-column-wrapper {padding-top : 0px !important;padding-right : 0px !important;margin-right : 5.76%;padding-bottom : 0px !important;padding-left : 0px !important;margin-left : 5.76%;}@media only screen and (max-width:1024px) {.fusion-body .fusion-builder-column-5{width:33.3333333333% !important;}.fusion-builder-column-5 > .fusion-column-wrapper {margin-right : 5.76%;margin-left : 5.76%;}}@media only screen and (max-width:640px) {.fusion-body .fusion-builder-column-5{width:100% !important;}.fusion-builder-column-5 > .fusion-column-wrapper {margin-right : 1.92%;margin-left : 1.92%;}}<\/style><\/div><\/div><style type=\"text\/css\">.fusion-body .fusion-flex-container.fusion-builder-row-4{ padding-top : 0px;margin-top : 0px;padding-right : 0px;padding-bottom : 0px;margin-bottom : 0px;padding-left : 0px;}<\/style><\/div><\/p>\n","protected":false},"excerpt":{"rendered":"","protected":false},"author":24,"featured_media":0,"parent":0,"menu_order":0,"comment_status":"closed","ping_status":"closed","template":"","meta":{"footnotes":""},"class_list":["post-1111","page","type-page","status-publish","hentry"],"yoast_head":"<!-- This site is optimized with the Yoast SEO plugin v27.4 - https:\/\/yoast.com\/product\/yoast-seo-wordpress\/ -->\n<title>Austrian Holocaust Memorial Award - \u00d6sterreichischer Auslandsdienst<\/title>\n<meta name=\"robots\" content=\"index, follow, max-snippet:-1, max-image-preview:large, max-video-preview:-1\" \/>\n<link rel=\"canonical\" href=\"https:\/\/www.auslandsdienst.at\/en\/ahma\/\" \/>\n<meta property=\"og:locale\" content=\"en_US\" \/>\n<meta property=\"og:type\" content=\"article\" \/>\n<meta property=\"og:title\" content=\"Austrian Holocaust Memorial Award - \u00d6sterreichischer Auslandsdienst\" \/>\n<meta property=\"og:url\" content=\"https:\/\/www.auslandsdienst.at\/en\/ahma\/\" \/>\n<meta property=\"og:site_name\" content=\"\u00d6sterreichischer Auslandsdienst\" \/>\n<meta property=\"article:modified_time\" content=\"2025-09-25T13:08:13+00:00\" \/>\n<meta property=\"og:image\" content=\"https:\/\/www.auslandsdienst.at\/wp-content\/uploads\/2020\/12\/AHMA2020-scaled.jpg\" \/>\n\t<meta property=\"og:image:width\" content=\"2560\" \/>\n\t<meta property=\"og:image:height\" content=\"1764\" \/>\n\t<meta property=\"og:image:type\" content=\"image\/jpeg\" \/>\n<meta name=\"twitter:card\" content=\"summary_large_image\" \/>\n<script type=\"application\/ld+json\" class=\"yoast-schema-graph\">{\"@context\":\"https:\\\/\\\/schema.org\",\"@graph\":[{\"@type\":\"WebPage\",\"@id\":\"https:\\\/\\\/www.auslandsdienst.at\\\/en\\\/ahma\\\/\",\"url\":\"https:\\\/\\\/www.auslandsdienst.at\\\/en\\\/ahma\\\/\",\"name\":\"Austrian Holocaust Memorial Award - \u00d6sterreichischer Auslandsdienst\",\"isPartOf\":{\"@id\":\"https:\\\/\\\/www.auslandsdienst.at\\\/#website\"},\"primaryImageOfPage\":{\"@id\":\"https:\\\/\\\/www.auslandsdienst.at\\\/en\\\/ahma\\\/#primaryimage\"},\"image\":{\"@id\":\"https:\\\/\\\/www.auslandsdienst.at\\\/en\\\/ahma\\\/#primaryimage\"},\"thumbnailUrl\":\"https:\\\/\\\/neu.auslandsdienst.at\\\/wp-content\\\/uploads\\\/2020\\\/12\\\/AHMA2020-scaled.jpg\",\"datePublished\":\"2020-10-22T08:34:47+00:00\",\"dateModified\":\"2025-09-25T13:08:13+00:00\",\"breadcrumb\":{\"@id\":\"https:\\\/\\\/www.auslandsdienst.at\\\/en\\\/ahma\\\/#breadcrumb\"},\"inLanguage\":\"en-US\",\"potentialAction\":[{\"@type\":\"ReadAction\",\"target\":[\"https:\\\/\\\/www.auslandsdienst.at\\\/en\\\/ahma\\\/\"]}]},{\"@type\":\"ImageObject\",\"inLanguage\":\"en-US\",\"@id\":\"https:\\\/\\\/www.auslandsdienst.at\\\/en\\\/ahma\\\/#primaryimage\",\"url\":\"https:\\\/\\\/neu.auslandsdienst.at\\\/wp-content\\\/uploads\\\/2020\\\/12\\\/AHMA2020-scaled.jpg\",\"contentUrl\":\"https:\\\/\\\/neu.auslandsdienst.at\\\/wp-content\\\/uploads\\\/2020\\\/12\\\/AHMA2020-scaled.jpg\"},{\"@type\":\"BreadcrumbList\",\"@id\":\"https:\\\/\\\/www.auslandsdienst.at\\\/en\\\/ahma\\\/#breadcrumb\",\"itemListElement\":[{\"@type\":\"ListItem\",\"position\":1,\"name\":\"Startseite\",\"item\":\"https:\\\/\\\/www.auslandsdienst.at\\\/en\\\/\"},{\"@type\":\"ListItem\",\"position\":2,\"name\":\"Austrian Holocaust Memorial Award\"}]},{\"@type\":\"WebSite\",\"@id\":\"https:\\\/\\\/www.auslandsdienst.at\\\/#website\",\"url\":\"https:\\\/\\\/www.auslandsdienst.at\\\/\",\"name\":\"\u00d6sterreichischer Auslandsdienst\",\"description\":\"\",\"publisher\":{\"@id\":\"https:\\\/\\\/www.auslandsdienst.at\\\/#organization\"},\"alternateName\":\"Gedenkdienst\",\"potentialAction\":[{\"@type\":\"SearchAction\",\"target\":{\"@type\":\"EntryPoint\",\"urlTemplate\":\"https:\\\/\\\/www.auslandsdienst.at\\\/?s={search_term_string}\"},\"query-input\":{\"@type\":\"PropertyValueSpecification\",\"valueRequired\":true,\"valueName\":\"search_term_string\"}}],\"inLanguage\":\"en-US\"},{\"@type\":\"Organization\",\"@id\":\"https:\\\/\\\/www.auslandsdienst.at\\\/#organization\",\"name\":\"\u00d6sterreichischer Auslandsdienst\",\"alternateName\":\"Auslandsdienst\",\"url\":\"https:\\\/\\\/www.auslandsdienst.at\\\/\",\"logo\":{\"@type\":\"ImageObject\",\"inLanguage\":\"en-US\",\"@id\":\"https:\\\/\\\/www.auslandsdienst.at\\\/#\\\/schema\\\/logo\\\/image\\\/\",\"url\":\"https:\\\/\\\/www.auslandsdienst.at\\\/wp-content\\\/uploads\\\/2020\\\/12\\\/Siegel_neu-768x769.png\",\"contentUrl\":\"https:\\\/\\\/www.auslandsdienst.at\\\/wp-content\\\/uploads\\\/2020\\\/12\\\/Siegel_neu-768x769.png\",\"width\":768,\"height\":769,\"caption\":\"\u00d6sterreichischer Auslandsdienst\"},\"image\":{\"@id\":\"https:\\\/\\\/www.auslandsdienst.at\\\/#\\\/schema\\\/logo\\\/image\\\/\"},\"sameAs\":[\"https:\\\/\\\/www.instagram.com\\\/auslandsdienst\\\/\"]}]}<\/script>\n<!-- \/ Yoast SEO plugin. -->","yoast_head_json":{"title":"Austrian Holocaust Memorial Award - \u00d6sterreichischer Auslandsdienst","robots":{"index":"index","follow":"follow","max-snippet":"max-snippet:-1","max-image-preview":"max-image-preview:large","max-video-preview":"max-video-preview:-1"},"canonical":"https:\/\/www.auslandsdienst.at\/en\/ahma\/","og_locale":"en_US","og_type":"article","og_title":"Austrian Holocaust Memorial Award - \u00d6sterreichischer Auslandsdienst","og_url":"https:\/\/www.auslandsdienst.at\/en\/ahma\/","og_site_name":"\u00d6sterreichischer Auslandsdienst","article_modified_time":"2025-09-25T13:08:13+00:00","og_image":[{"width":2560,"height":1764,"url":"https:\/\/www.auslandsdienst.at\/wp-content\/uploads\/2020\/12\/AHMA2020-scaled.jpg","type":"image\/jpeg"}],"twitter_card":"summary_large_image","schema":{"@context":"https:\/\/schema.org","@graph":[{"@type":"WebPage","@id":"https:\/\/www.auslandsdienst.at\/en\/ahma\/","url":"https:\/\/www.auslandsdienst.at\/en\/ahma\/","name":"Austrian Holocaust Memorial Award - \u00d6sterreichischer Auslandsdienst","isPartOf":{"@id":"https:\/\/www.auslandsdienst.at\/#website"},"primaryImageOfPage":{"@id":"https:\/\/www.auslandsdienst.at\/en\/ahma\/#primaryimage"},"image":{"@id":"https:\/\/www.auslandsdienst.at\/en\/ahma\/#primaryimage"},"thumbnailUrl":"https:\/\/neu.auslandsdienst.at\/wp-content\/uploads\/2020\/12\/AHMA2020-scaled.jpg","datePublished":"2020-10-22T08:34:47+00:00","dateModified":"2025-09-25T13:08:13+00:00","breadcrumb":{"@id":"https:\/\/www.auslandsdienst.at\/en\/ahma\/#breadcrumb"},"inLanguage":"en-US","potentialAction":[{"@type":"ReadAction","target":["https:\/\/www.auslandsdienst.at\/en\/ahma\/"]}]},{"@type":"ImageObject","inLanguage":"en-US","@id":"https:\/\/www.auslandsdienst.at\/en\/ahma\/#primaryimage","url":"https:\/\/neu.auslandsdienst.at\/wp-content\/uploads\/2020\/12\/AHMA2020-scaled.jpg","contentUrl":"https:\/\/neu.auslandsdienst.at\/wp-content\/uploads\/2020\/12\/AHMA2020-scaled.jpg"},{"@type":"BreadcrumbList","@id":"https:\/\/www.auslandsdienst.at\/en\/ahma\/#breadcrumb","itemListElement":[{"@type":"ListItem","position":1,"name":"Startseite","item":"https:\/\/www.auslandsdienst.at\/en\/"},{"@type":"ListItem","position":2,"name":"Austrian Holocaust Memorial Award"}]},{"@type":"WebSite","@id":"https:\/\/www.auslandsdienst.at\/#website","url":"https:\/\/www.auslandsdienst.at\/","name":"\u00d6sterreichischer Auslandsdienst","description":"","publisher":{"@id":"https:\/\/www.auslandsdienst.at\/#organization"},"alternateName":"Gedenkdienst","potentialAction":[{"@type":"SearchAction","target":{"@type":"EntryPoint","urlTemplate":"https:\/\/www.auslandsdienst.at\/?s={search_term_string}"},"query-input":{"@type":"PropertyValueSpecification","valueRequired":true,"valueName":"search_term_string"}}],"inLanguage":"en-US"},{"@type":"Organization","@id":"https:\/\/www.auslandsdienst.at\/#organization","name":"\u00d6sterreichischer Auslandsdienst","alternateName":"Auslandsdienst","url":"https:\/\/www.auslandsdienst.at\/","logo":{"@type":"ImageObject","inLanguage":"en-US","@id":"https:\/\/www.auslandsdienst.at\/#\/schema\/logo\/image\/","url":"https:\/\/www.auslandsdienst.at\/wp-content\/uploads\/2020\/12\/Siegel_neu-768x769.png","contentUrl":"https:\/\/www.auslandsdienst.at\/wp-content\/uploads\/2020\/12\/Siegel_neu-768x769.png","width":768,"height":769,"caption":"\u00d6sterreichischer Auslandsdienst"},"image":{"@id":"https:\/\/www.auslandsdienst.at\/#\/schema\/logo\/image\/"},"sameAs":["https:\/\/www.instagram.com\/auslandsdienst\/"]}]}},"_links":{"self":[{"href":"https:\/\/www.auslandsdienst.at\/en\/wp-json\/wp\/v2\/pages\/1111","targetHints":{"allow":["GET"]}}],"collection":[{"href":"https:\/\/www.auslandsdienst.at\/en\/wp-json\/wp\/v2\/pages"}],"about":[{"href":"https:\/\/www.auslandsdienst.at\/en\/wp-json\/wp\/v2\/types\/page"}],"author":[{"embeddable":true,"href":"https:\/\/www.auslandsdienst.at\/en\/wp-json\/wp\/v2\/users\/24"}],"replies":[{"embeddable":true,"href":"https:\/\/www.auslandsdienst.at\/en\/wp-json\/wp\/v2\/comments?post=1111"}],"version-history":[{"count":22,"href":"https:\/\/www.auslandsdienst.at\/en\/wp-json\/wp\/v2\/pages\/1111\/revisions"}],"predecessor-version":[{"id":10735,"href":"https:\/\/www.auslandsdienst.at\/en\/wp-json\/wp\/v2\/pages\/1111\/revisions\/10735"}],"wp:attachment":[{"href":"https:\/\/www.auslandsdienst.at\/en\/wp-json\/wp\/v2\/media?parent=1111"}],"curies":[{"name":"wp","href":"https:\/\/api.w.org\/{rel}","templated":true}]}}